{"id":4,"date":"2023-06-28T07:58:16","date_gmt":"2023-06-28T07:58:16","guid":{"rendered":"https:\/\/usodefuerza.com\/?page_id=4"},"modified":"2023-06-30T17:44:38","modified_gmt":"2023-06-30T17:44:38","slug":"uso-de-fuerza","status":"publish","type":"page","link":"https:\/\/usodefuerza.com\/","title":{"rendered":"Consideraciones legales"},"content":{"rendered":"\n<blockquote class=\"wp-block-quote\">\n<p class=\"has-white-color has-vivid-red-background-color has-text-color has-background\">Y como la principal causa del miedo es la <strong>sorpresa<\/strong>, no hay nada mejor para librarse de \u00e9l que utilizar la premeditaci\u00f3n y <strong>prepararse para todos los acontecimientos<\/strong> cuyo temor pueda causarlo. <\/p>\n<cite>Descartes \u00abTratado de las pasiones\u00bb<\/cite><\/blockquote>\n\n\n\n<p><strong>Principios b\u00e1sicos de actuaci\u00f3n<\/strong>&nbsp;(art. 5 LO 2\/86)<\/p>\n\n\n\n<p>1.&nbsp;<strong>A<\/strong>decuaci\u00f3n al ordenamiento jur\u00eddico<\/p>\n\n\n\n<p>Principios de&nbsp;<strong><em>jerarqu\u00eda y subordinaci\u00f3n.<\/em><\/strong><\/p>\n\n\n\n<p>2.&nbsp;<strong>R<\/strong>elaciones con la comunidad<\/p>\n\n\n\n<p><mark style=\"background-color:rgba(0, 0, 0, 0);color:#ff0000\" class=\"has-inline-color\">Principios de\u00a0<strong><em>congruencia, oportunidad y proporcionalidad<\/em><\/strong>\u00a0en la utilizaci\u00f3n de los medios a su alcance.<\/mark><\/p>\n\n\n\n<p>3.&nbsp;<strong>T<\/strong>ratamiento de detenidos<\/p>\n\n\n\n<p>4.&nbsp;<strong>D<\/strong>edicaci\u00f3n profesional<\/p>\n\n\n\n<p>5.&nbsp;<strong>S<\/strong>ecreto profesional<\/p>\n\n\n\n<p>6.&nbsp;<strong>R<\/strong>esponsabilidad<\/p>\n\n\n\n<p>Los principios b\u00e1sicos de actuaci\u00f3n en la utilizaci\u00f3n de los medios a su alcance (principios COP) se aplican en un orden diferente al descrito en la Ley.<\/p>\n\n\n\n<p class=\"has-black-color has-text-color\">El uso de la fuerza se inicia cuando se ha agotado la v\u00eda del dialogo y, por tanto, se ha creado un\u00a0<em>estado de necesidad<\/em>, que junto al\u00a0<em>cumplimiento del deber<\/em>, son condiciones indispensables para poder ser apreciada la <strong><mark style=\"background-color:rgba(0, 0, 0, 0)\" class=\"has-inline-color has-vivid-red-color\">eximente de leg\u00edtima defensa (art. 20.5 CP)<\/mark><\/strong><\/p>\n\n\n\n<p>Este&nbsp;<em>estado de necesidad<\/em>&nbsp;se entender\u00e1 que concurre cuando se est\u00e9 ante una&nbsp;<strong>agresi\u00f3n ileg\u00edtima<\/strong>, exista la&nbsp;<strong>necesidad racional del medio empleado<\/strong>&nbsp;para&nbsp;<em>impedirla o repelerla<\/em>&nbsp;y exista una<strong>&nbsp;falta de provocaci\u00f3n<\/strong>&nbsp;suficiente por parte del defensor.<\/p>\n\n\n\n<p>Por tanto, la&nbsp;<strong>Oportunidad<\/strong>&nbsp;se observa cuando se crea el&nbsp;<em>estado de necesidad,<\/em>&nbsp;y es lo que nos aporta un amparo legal para el uso de la fuerza, que es lo que en ese momento requerimos para cumplir con nuestro deber.<\/p>\n\n\n\n<p>A continuaci\u00f3n viene la&nbsp;<strong>Congruencia<\/strong>, entendida como el uso del medio menos peligroso, y que se use del modo que provoque la menor lesividad posible. Por otro lado, el mal que se produzca no debe ser mayor que el que se pretende evitar. Aqu\u00ed se valora que no existan medios alternativos al empleado.<\/p>\n\n\n\n<p>Por \u00faltimo, la&nbsp;<strong>Proporcionalidad<\/strong>&nbsp;se refiere a la intensidad del medio empleado en el estado de necesidad. Aqu\u00ed se deben ponderar el bien jur\u00eddico que se va a lesionar&nbsp; y el bien jur\u00eddico que se protege.<\/p>\n\n\n\n<p><strong>Lo que la jurisprudencia dice al respecto&#8230;<\/strong><\/p>\n\n\n\n<p>La STS 3279\/1998, de 20 de mayo, dice que \u00ab<strong>es necesario que entre la agresi\u00f3n y la defensa haya unidad de acto, pues si el ataque agresivo ha pasado, la reacci\u00f3n posterior deja de ser defensa para convertirse en venganza<\/strong>\u00ab<\/p>\n\n\n\n<p>La STS 2485\/2014, de 10 de junio, expone lo siguiente:&nbsp;<strong>\u00abY es que cuando la ley habla de necesidad de que el medio empleado ha de ser \u00abracional\u00bb ya est\u00e1 revelando una flexibilidad o graduaci\u00f3n que no puede someterse a reglas predeterminadas, por lo que no se puede exigir a qui\u00e9n act\u00faa bajo la presi\u00f3n de defenderse la reflexi\u00f3n y ponderaci\u00f3n que tendr\u00eda en circunstancias normales de la vida para escoger los medios de defensa\u00bb<\/strong><\/p>\n\n\n\n<p>Esta sentencia tambi\u00e9n indica que&nbsp;<strong>\u00abla agresi\u00f3n ileg\u00edtima no es solamente el acto f\u00edsico de agredir, sino la amenaza o la actitud de inminente ataque\u00bb<\/strong>, precisando la STS 05\/04\/1998 que&nbsp;<strong>\u00abno es preciso que el que se defiende aguarde estoica e impasible, a que la agresi\u00f3n o el ataque se inicien\u00bb<\/strong><\/p>\n\n\n\n<p>En cuanto al medio empleado, la SAP M 3472\/2012, de 3 de febrero, remarca que&nbsp;<strong>\u00abno es necesario que haya homogeneidad entre el medio utilizado para defenderse en relaci\u00f3n con aquel que us\u00f3 el agresor en su ataque. Se permite usar el que se tenga a la propia disposici\u00f3n, aunque sea m\u00e1s vulnerante, salvo casos extremos de desproporci\u00f3n manifiesta\u00bb.&nbsp;<\/strong>As\u00ed pues, la STS 1053\/2002,&nbsp;<strong>apreci\u00f3 la eximente en el uso de un arma reglamentaria frente a una agresi\u00f3n con cuchillo.<\/strong><\/p>\n\n\n\n<p>La sentencia anterior (STS 2485\/2014) tambi\u00e9n dice que&nbsp;<strong>\u00abdada la perturbaci\u00f3n an\u00edmica suscitada por la agresi\u00f3n ileg\u00edtima, no puede exigirse al acometido la reflexi\u00f3n, serenidad y tranquilidad de esp\u00edritu para, tras una suerte de raciocinios y ponderaciones, elegir fr\u00edamente aquellos medios de defensa m\u00e1s proporcionados, con exacto c\u00e1lculo y definida mensuraci\u00f3n de hasta d\u00f3nde llega lo estrictamente necesario para repeler la agresi\u00f3n<\/strong><\/p>\n\n\n\n<p>Pir\u00e1mide de bienes jur\u00eddicos, seg\u00fan su protecci\u00f3n:<\/p>\n\n\n\n<figure class=\"wp-block-image size-large\"><img decoding=\"async\" loading=\"lazy\" width=\"1024\" height=\"726\" src=\"https:\/\/usodefuerza.com\/wp-content\/uploads\/2023\/06\/Piramide-bienes-juridicos-1024x726.png\" alt=\"\" class=\"wp-image-19\" srcset=\"https:\/\/usodefuerza.com\/wp-content\/uploads\/2023\/06\/Piramide-bienes-juridicos-1024x726.png 1024w, https:\/\/usodefuerza.com\/wp-content\/uploads\/2023\/06\/Piramide-bienes-juridicos-300x213.png 300w, https:\/\/usodefuerza.com\/wp-content\/uploads\/2023\/06\/Piramide-bienes-juridicos-768x545.png 768w, https:\/\/usodefuerza.com\/wp-content\/uploads\/2023\/06\/Piramide-bienes-juridicos.png 1280w\" sizes=\"(max-width: 1024px) 100vw, 1024px\" \/><\/figure>\n\n\n\n<p>Modelo de uso de fuerza (Polic\u00eda de Vancouver):<\/p>\n\n\n\n<figure class=\"wp-block-image size-full\"><img decoding=\"async\" loading=\"lazy\" width=\"1000\" height=\"1004\" src=\"https:\/\/usodefuerza.com\/wp-content\/uploads\/2023\/06\/Continuo-uso-de-fuerza.png\" alt=\"\" class=\"wp-image-20\" srcset=\"https:\/\/usodefuerza.com\/wp-content\/uploads\/2023\/06\/Continuo-uso-de-fuerza.png 1000w, https:\/\/usodefuerza.com\/wp-content\/uploads\/2023\/06\/Continuo-uso-de-fuerza-300x300.png 300w, https:\/\/usodefuerza.com\/wp-content\/uploads\/2023\/06\/Continuo-uso-de-fuerza-150x150.png 150w, https:\/\/usodefuerza.com\/wp-content\/uploads\/2023\/06\/Continuo-uso-de-fuerza-768x771.png 768w\" sizes=\"(max-width: 1000px) 100vw, 1000px\" \/><\/figure>\n","protected":false},"excerpt":{"rendered":"<p>Y como la principal causa del miedo es la sorpresa, no hay nada mejor para librarse de \u00e9l que utilizar la premeditaci\u00f3n y prepararse para todos los acontecimientos cuyo temor pueda causarlo. Descartes \u00abTratado de las pasiones\u00bb Principios b\u00e1sicos de actuaci\u00f3n&nbsp;(art. 5 LO 2\/86) 1.&nbsp;Adecuaci\u00f3n al ordenamiento jur\u00eddico Principios de&nbsp;jerarqu\u00eda y subordinaci\u00f3n. 2.&nbsp;Relaciones con la [&hellip;]<\/p>\n","protected":false},"author":1,"featured_media":0,"parent":0,"menu_order":0,"comment_status":"closed","ping_status":"closed","template":"","meta":{"_genesis_hide_title":false,"_genesis_hide_breadcrumbs":false,"_genesis_hide_singular_image":false,"_genesis_hide_footer_widgets":false,"_genesis_custom_body_class":"","_genesis_custom_post_class":"","_genesis_layout":"","footnotes":""},"_links":{"self":[{"href":"https:\/\/usodefuerza.com\/index.php?rest_route=\/wp\/v2\/pages\/4"}],"collection":[{"href":"https:\/\/usodefuerza.com\/index.php?rest_route=\/wp\/v2\/pages"}],"about":[{"href":"https:\/\/usodefuerza.com\/index.php?rest_route=\/wp\/v2\/types\/page"}],"author":[{"embeddable":true,"href":"https:\/\/usodefuerza.com\/index.php?rest_route=\/wp\/v2\/users\/1"}],"replies":[{"embeddable":true,"href":"https:\/\/usodefuerza.com\/index.php?rest_route=%2Fwp%2Fv2%2Fcomments&post=4"}],"version-history":[{"count":8,"href":"https:\/\/usodefuerza.com\/index.php?rest_route=\/wp\/v2\/pages\/4\/revisions"}],"predecessor-version":[{"id":34,"href":"https:\/\/usodefuerza.com\/index.php?rest_route=\/wp\/v2\/pages\/4\/revisions\/34"}],"wp:attachment":[{"href":"https:\/\/usodefuerza.com\/index.php?rest_route=%2Fwp%2Fv2%2Fmedia&parent=4"}],"curies":[{"name":"wp","href":"https:\/\/api.w.org\/{rel}","templated":true}]}}